{"id":22,"date":"2017-02-23T15:21:56","date_gmt":"2017-02-23T15:21:56","guid":{"rendered":"http:\/\/markushof-beta.de\/?page_id=22"},"modified":"2025-12-31T08:27:31","modified_gmt":"2025-12-31T08:27:31","slug":"about","status":"publish","type":"page","link":"https:\/\/hotel-markushof.de\/?page_id=22","title":{"rendered":"ANGEBOTE"},"content":{"rendered":"<p><section   class=\"fw-main-row-custom fw-main-row-top fw-section-no-padding fw-content-overlay-sm fw_theme_bg_fw-custom fw-section-image fw-section-height-custom  fw-mobile-hide-element fw-section-position-back tf-sh-0427b7c6c59618cbd33a2e564bb5cafc\"  style=\" background-image:url(\/\/hotel-markushof.de\/wp-content\/uploads\/2018\/10\/MHOF_header-angebote_1.jpg); background-repeat: no-repeat; background-position: center top; background-size: cover; height: 560px;\"  >\n\t\t\t<div class=\"fw-container-fluid\" >\n\t\t<div class=\"fw-row\">\n\t<div id=\"column-69f4b3cec51e2\" class=\"fw-col-sm-12 tf-sh-18b8432e0468f1415a3ae419b7822d33  fw-animated-element fw-col-no-padding\" data-animation-type=\"fadeInUp\" data-animation-delay=\"300\">\n\t<div class=\"fw-wrap-col-inner clearfix  \"   >\n\t\t\t\t<div class=\"fw-col-inner\">\n\t\t\t<div class=\"fw-heading fw-heading-center  fw-heading-with-subtitle tf-sh-277ab0ddd26e64a702509b6a58d9f9c2\" >\n\t\t\t<h1 class=\"fw-special-title\">Angebote<\/h1>\n\t\n\t\n\t\t\t<div class=\"fw-special-subtitle\">Preise, Pauschal- und Kurangebote<\/div>\n\t<\/div>\t\t<\/div>\n\t<\/div>\n<\/div><\/div>\n\n\t<\/div>\n\t<\/section><section   class=\"fw-main-row-custom fw-section-no-padding  fw_theme_bg_fw-custom fw-section-image fw-section-height-lg  fw-desktop-hide-element fw-tablet-landscape-hide-element fw-tablet-hide-element fw-section-position-back tf-sh-de8b531419ab6cd6019fb120ea86ef0d\"  style=\" background-image:url(\/\/hotel-markushof.de\/wp-content\/uploads\/2018\/10\/MHOF_header-angebote_1.jpg); background-repeat: no-repeat; background-position: center top; background-size: cover;\"  >\n\t\t\t<div class=\"fw-container\" >\n\t\t<div class=\"fw-row\">\n\t<div id=\"column-69f4b3cec56c5\" class=\"fw-col-sm-12 tf-sh-6ca929d925a7a3d4b6ba62c374001750  fw-animated-element fw-col-no-padding\" data-animation-type=\"fadeInUp\" data-animation-delay=\"300\">\n\t<div class=\"fw-wrap-col-inner clearfix  \"   >\n\t\t\t\t<div class=\"fw-col-inner\">\n\t\t\t<div class=\"fw-heading fw-heading-center  fw-heading-with-subtitle tf-sh-bd314f22dde4fbb54c6227e3e493483f\" >\n\t\t\t<h1 class=\"fw-special-title\">Angebote<\/h1>\n\t\n\t\n\t\t\t<div class=\"fw-special-subtitle\">Preise, Pauschal- und Kurangebote<\/div>\n\t<\/div>\t\t<\/div>\n\t<\/div>\n<\/div><\/div>\n\n\t<\/div>\n\t<\/section><section   class=\"fw-main-row-custom fw-section-no-padding  auto  fw-mobile-hide-element fw-section-position-back tf-sh-350ea997bc7f8a4269fda430c8751858 quick-reservation-section\"    >\n\t\t\t<div class=\"fw-container\" >\n\t\t<div class=\"fw-row\">\n\t<div id=\"column-69f4b3cec5bae\" class=\"fw-col-sm-12 fw-col-md-3 tf-sh-add4e13e6777830d37d9c4e53a02ff89 quick-reservation\" >\n\t<div class=\"fw-wrap-col-inner clearfix  \"   >\n\t\t\t\t<div class=\"fw-col-inner\">\n\t\t\t\t\t<\/div>\n\t<\/div>\n<\/div><div id=\"column-69f4b3cec5ca8\" class=\"fw-col-sm-12 fw-col-md-12 fw-col-lg-6 tf-sh-b2d1f193004d262b3c8486858acce081 quick-reservation\" >\n\t<div class=\"fw-wrap-col-inner clearfix  \"   >\n\t\t\t\t<div class=\"fw-col-inner\">\n\t\t\t<div class=\"text-center\">\t<a href=\"https:\/\/smartwebui.hs3.de\/start\/index?id=6606\" target=\"_blank\" class=\"fw-btn tf-sh-8008d1fe749b53191e75ca47118ff5f9  fw-btn-lg   fw-btn-1\"  style=\"\">\n\t\t<span >\n\t\t\tJETZT ZUM BESTPREIS BUCHEN\t\t<\/span>\n\t<\/a>\n<\/div>\t\t<\/div>\n\t<\/div>\n<\/div><div id=\"column-69f4b3cec5ef9\" class=\"fw-col-sm-12 fw-col-md-3 tf-sh-1a685ec240eb07559897bc97bad4464e quick-reservation\" >\n\t<div class=\"fw-wrap-col-inner clearfix  \"   >\n\t\t\t\t<div class=\"fw-col-inner\">\n\t\t\t\t\t<\/div>\n\t<\/div>\n<\/div><\/div>\n\n\t<\/div>\n\t<\/section><section   class=\"fw-main-row-custom fw-section-no-padding  auto  fw-desktop-hide-element fw-tablet-landscape-hide-element fw-tablet-hide-element fw-section-position-back tf-sh-1a41ce79d20e0171c9b29d49ce2c2907 quick-reservation-section\"    >\n\t\t\t<div class=\"fw-container\" >\n\t\t<div class=\"fw-row\">\n\t<div id=\"column-69f4b3cec6286\" class=\"fw-col-sm-12 fw-col-md-3 tf-sh-3f42f4dabcd85410409c7359242549cc quick-reservation\" >\n\t<div class=\"fw-wrap-col-inner clearfix  \"   >\n\t\t\t\t<div class=\"fw-col-inner\">\n\t\t\t\t\t<\/div>\n\t<\/div>\n<\/div><div id=\"column-69f4b3cec637d\" class=\"fw-col-sm-12 fw-col-md-12 fw-col-lg-6 tf-sh-a31b29b27dafa059401da8bc5d6a3596 quick-reservation\" >\n\t<div class=\"fw-wrap-col-inner clearfix  \"   >\n\t\t\t\t<div class=\"fw-col-inner\">\n\t\t\t<div class=\"text-center\">\t<a href=\"https:\/\/smartwebui.hs3.de\/start\/index?id=6606\" target=\"_blank\" class=\"fw-btn tf-sh-d5360f16a7c86673ed338898012a0795  fw-btn-lg   fw-btn-1\"  style=\"\">\n\t\t<span >\n\t\t\tJETZT BUCHEN\t\t<\/span>\n\t<\/a>\n<\/div>\t\t<\/div>\n\t<\/div>\n<\/div><div id=\"column-69f4b3cec6572\" class=\"fw-col-sm-12 fw-col-md-3 tf-sh-db677a8d6b54a43f2c589741b5eb17a4 quick-reservation\" >\n\t<div class=\"fw-wrap-col-inner clearfix  \"   >\n\t\t\t\t<div class=\"fw-col-inner\">\n\t\t\t\t\t<\/div>\n\t<\/div>\n<\/div><\/div>\n\n\t<\/div>\n\t<\/section><section   class=\"fw-main-row-custom fw-section-no-padding  auto  fw-section-position-back tf-sh-2a24729400113cf7c2ac056d488aacd5\"    >\n\t\t\t<div class=\"fw-container\" >\n\t\t<div class=\"fw-row\">\n\t<div id=\"column-69f4b3cec69c0\" class=\"fw-col-sm-12 tf-sh-3577f77f733188f01f6858a5183142de\" >\n\t<div class=\"fw-wrap-col-inner clearfix  \"   >\n\t\t\t\t<div class=\"fw-col-inner\">\n\t\t\t<div class=\"fw-divider-space  fw-custom-space  fw-mobile-hide-element clearfix\" style=\"height:50px;\" ><\/div>\t\t<\/div>\n\t<\/div>\n<\/div><\/div>\n\n<div class=\"fw-row\">\n\t<div id=\"column-69f4b3cec6bfc\" class=\"fw-col-sm-9 fw-col-md-6 tf-sh-d1d36f8dab7256bb289fc324e2654c2c  fw-animated-element\" data-animation-type=\"fadeInUp\" data-animation-delay=\"300\">\n\t<div class=\"fw-wrap-col-inner clearfix  \"   >\n\t\t\t\t<div class=\"fw-col-inner\">\n\t\t\t<div class=\"fw-heading fw-heading-left  tf-sh-ade10b06772013677f84c060bd4304b9\" >\n\t\t\t<h2 class=\"fw-special-title\">Preisliste<\/h2>\n\t\n\t\n\t<\/div><div class=\"fw-divider-space  fw-custom-space  fw-mobile-hide-element clearfix\" style=\"height:40px;\" ><\/div>\t\t<\/div>\n\t<\/div>\n<\/div><div id=\"column-69f4b3cec6e2f\" class=\"fw-col-sm-3 fw-col-md-6 fw-mobile-hide-element tf-sh-3471abde263c86a86a3ff9a1fecb5cf4\" >\n\t<div class=\"fw-wrap-col-inner clearfix  \"   >\n\t\t\t\t<div class=\"fw-col-inner\">\n\t\t\t\t\t<\/div>\n\t<\/div>\n<\/div><\/div>\n\n<div class=\"fw-row\">\n\t<div id=\"column-69f4b3cec6fbd\" class=\"fw-col-sm-6 tf-sh-2640582917a35ea2bf1157b4e533c650  fw-animated-element\" data-animation-type=\"fadeInUp\" data-animation-delay=\"300\">\n\t<div class=\"fw-wrap-col-inner clearfix  \"   >\n\t\t\t\t<div class=\"fw-col-inner\">\n\t\t\t<div class=\"fw-text-box tf-sh-78b4e860daee041c1597fa210a9e937b \" >\n\t<div class=\"fw-text-inner\">\n\t\t<p>Die Zimmerpreise beinhalten unser reichhaltiges Fr\u00fchst\u00fccksb\u00fcffet und verstehen sich pro Zimmer und Nacht.<\/p>\n\t<\/div>\n<\/div>\t\t<\/div>\n\t<\/div>\n<\/div><div id=\"column-69f4b3cec7217\" class=\"fw-col-sm-6 tf-sh-b931951f8c038257a5db646a6eb35c8b  fw-animated-element\" data-animation-type=\"fadeInUp\" data-animation-delay=\"500\">\n\t<div class=\"fw-wrap-col-inner clearfix  \"   >\n\t\t\t\t<div class=\"fw-col-inner\">\n\t\t\t<div class=\"fw-text-box tf-sh-4cee54d4aa7d4a1a17ff1d5912f11293 \" >\n\t<div class=\"fw-text-inner\">\n\t\t<p>Alle angegebenen Preise sind inklusive der gesetzlichen Mehrwertsteuer zuz\u00fcglich Kurtaxe. Die Kurtaxe betr\u00e4gt vom 01.03.\u201330.11. \u20ac 2,25 pro Person und Nacht, in der \u00fcbrigen Zeit \u20ac 1,45. Die Tarife zu Messezeiten erhalten Sie auf Anfrage. Bitte beachten Sie unsere Pauschalangebote und die Kurangebote der Bade- und Kurverwaltung Bad Bellingen.<\/p>\n\t<\/div>\n<\/div>\t\t<\/div>\n\t<\/div>\n<\/div><\/div>\n\n<div class=\"fw-row\">\n\t<div id=\"column-69f4b3cec7462\" class=\"fw-tablet-hide-element  fw-col-sm-12 tf-sh-7e4898b680939314dc22a9aae3e0f156  fw-animated-element\" data-animation-type=\"fadeInUp\" data-animation-delay=\"300\">\n\t<div class=\"fw-wrap-col-inner clearfix  \"   >\n\t\t\t\t<div class=\"fw-col-inner\">\n\t\t\t<div class=\"fw-divider-space  fw-custom-space  clearfix\" style=\"height:90px;\" ><\/div><div class=\"tf-sh-875eb6c13e0d1ecd204e3a25ecab9204 fw-price-table  clearfix fw-price-1 \" >\n\t\t\t<div class=\"fw-price-col fw-price-package  \">\n\t\t\t<div class=\"fw-price-inner\">\n\t\t\t\t\t\t\t\t\t<!--heading row type-->\n\t\t\t\t\t\t\t\t\t\t\t\t\t\t\t\t\t\t<div class=\"fw-price-head default-col\">\n\t\t\t\t\t\t\t\t\t\t\t\t\t\t\t\t<h3 class=\"fw-price-title default-col\"\">\n\t\t\t\t\t\t\t\tEinzelzimmer\t\t\t\t\t\t\t\t<\/h3>\n\t\t\t\t\t\t\t<\/div>\n\t\t\t\t\t\t\t\t\t\t\t\t<!--pricing row type-->\n\t\t\t\t\t\n\t\t\t\t\t\t\t\t\t<!--heading row type-->\n\t\t\t\t\t\t\t\t\t\t\t<div class=\"fw-price-row default-col\">\n\t\t\t\t\t\t\t<span class=\"fw-itable\">\n\t\t\t\t\t\t\t\t<span class=\"fw-icell default-col\">\n\t\t\t\t\t\t\t\t\t\t\t\t\t\t\t\t\t\t<b>Hauptsaison<\/b><br>\r\n1. M\u00e4rz \u2013 31. Oktober<br>\r\n21. Dezember \u2013 08. Januar\t\t\t\t\t\t\t\t<\/span>\n\t\t\t\t\t\t\t<\/span>\n\t\t\t\t\t\t<\/div>\n\t\t\t\t\t\n\t\t\t\t\t\t\t\t\t<!--heading row type-->\n\t\t\t\t\t\t\t\t\t\t\t\t\t\t\t\t\t\t<div class=\"fw-price-head default-col\">\n\t\t\t\t\t\t\t\t\t\t\t\t\t\t\t\t<h3 class=\"fw-price-title default-col\"\">\n\t\t\t\t\t\t\t\t\u20ac 80 \u2013 \u20ac 95\t\t\t\t\t\t\t\t<\/h3>\n\t\t\t\t\t\t\t<\/div>\n\t\t\t\t\t\t\t\t\t\t\t\t<!--pricing row type-->\n\t\t\t\t\t\n\t\t\t\t\t\t\t\t\t<!--heading row type-->\n\t\t\t\t\t\t\t\t\t\t\t<div class=\"fw-price-row default-col\">\n\t\t\t\t\t\t\t<span class=\"fw-itable\">\n\t\t\t\t\t\t\t\t<span class=\"fw-icell default-col\">\n\t\t\t\t\t\t\t\t\t\t\t\t\t\t\t\t\t\t<b>Nebensaison<\/b><br>\r\n7. Januar \u2013 28. Februar<br>\r\n1. November \u2013 20. Dezember\t\t\t\t\t\t\t\t<\/span>\n\t\t\t\t\t\t\t<\/span>\n\t\t\t\t\t\t<\/div>\n\t\t\t\t\t\n\t\t\t\t\t\t\t\t\t<!--heading row type-->\n\t\t\t\t\t\t\t\t\t\t\t\t\t\t\t\t\t\t<div class=\"fw-price-head default-col\">\n\t\t\t\t\t\t\t\t\t\t\t\t\t\t\t\t<h3 class=\"fw-price-title default-col\"\">\n\t\t\t\t\t\t\t\t\u20ac 70 \u2013 \u20ac 85\t\t\t\t\t\t\t\t<\/h3>\n\t\t\t\t\t\t\t<\/div>\n\t\t\t\t\t\t\t\t\t\t\t\t<!--pricing row type-->\n\t\t\t\t\t\n\t\t\t\t\t\t\t<\/div>\n\t\t<\/div>\n\t\t\t<div class=\"fw-price-col fw-price-package  \">\n\t\t\t<div class=\"fw-price-inner\">\n\t\t\t\t\t\t\t\t\t<!--heading row type-->\n\t\t\t\t\t\t\t\t\t\t\t\t\t\t\t\t\t\t<div class=\"fw-price-head default-col\">\n\t\t\t\t\t\t\t\t\t\t\t\t\t\t\t\t<h3 class=\"fw-price-title default-col\"\">\n\t\t\t\t\t\t\t\tDoppelzimmer\t\t\t\t\t\t\t\t<\/h3>\n\t\t\t\t\t\t\t<\/div>\n\t\t\t\t\t\t\t\t\t\t\t\t<!--pricing row type-->\n\t\t\t\t\t\n\t\t\t\t\t\t\t\t\t<!--heading row type-->\n\t\t\t\t\t\t\t\t\t\t\t<div class=\"fw-price-row default-col\">\n\t\t\t\t\t\t\t<span class=\"fw-itable\">\n\t\t\t\t\t\t\t\t<span class=\"fw-icell default-col\">\n\t\t\t\t\t\t\t\t\t\t\t\t\t\t\t\t\t\t<b>Hauptsaison<\/b><br>\r\n1. M\u00e4rz \u2013 31. Oktober<br>\r\n21. Dezember \u2013 08. Januar\t\t\t\t\t\t\t\t<\/span>\n\t\t\t\t\t\t\t<\/span>\n\t\t\t\t\t\t<\/div>\n\t\t\t\t\t\n\t\t\t\t\t\t\t\t\t<!--heading row type-->\n\t\t\t\t\t\t\t\t\t\t\t\t\t\t\t\t\t\t<div class=\"fw-price-head default-col\">\n\t\t\t\t\t\t\t\t\t\t\t\t\t\t\t\t<h3 class=\"fw-price-title default-col\"\">\n\t\t\t\t\t\t\t\t\u20ac 150 \u2013 \u20ac 190\t\t\t\t\t\t\t\t<\/h3>\n\t\t\t\t\t\t\t<\/div>\n\t\t\t\t\t\t\t\t\t\t\t\t<!--pricing row type-->\n\t\t\t\t\t\n\t\t\t\t\t\t\t\t\t<!--heading row type-->\n\t\t\t\t\t\t\t\t\t\t\t<div class=\"fw-price-row default-col\">\n\t\t\t\t\t\t\t<span class=\"fw-itable\">\n\t\t\t\t\t\t\t\t<span class=\"fw-icell default-col\">\n\t\t\t\t\t\t\t\t\t\t\t\t\t\t\t\t\t\t<b>Nebensaison<\/b><br>\r\n7. Januar \u2013 28. Februar<br>\r\n1. November \u2013 20. Dezember\t\t\t\t\t\t\t\t<\/span>\n\t\t\t\t\t\t\t<\/span>\n\t\t\t\t\t\t<\/div>\n\t\t\t\t\t\n\t\t\t\t\t\t\t\t\t<!--heading row type-->\n\t\t\t\t\t\t\t\t\t\t\t\t\t\t\t\t\t\t<div class=\"fw-price-head default-col\">\n\t\t\t\t\t\t\t\t\t\t\t\t\t\t\t\t<h3 class=\"fw-price-title default-col\"\">\n\t\t\t\t\t\t\t\t\u20ac 120 \u2013 \u20ac 160\t\t\t\t\t\t\t\t<\/h3>\n\t\t\t\t\t\t\t<\/div>\n\t\t\t\t\t\t\t\t\t\t\t\t<!--pricing row type-->\n\t\t\t\t\t\n\t\t\t\t\t\t\t<\/div>\n\t\t<\/div>\n\t\t\t<div class=\"fw-price-col fw-price-package  \">\n\t\t\t<div class=\"fw-price-inner\">\n\t\t\t\t\t\t\t\t\t<!--heading row type-->\n\t\t\t\t\t\t\t\t\t\t\t\t\t\t\t\t\t\t<div class=\"fw-price-head default-col\">\n\t\t\t\t\t\t\t\t\t\t\t\t\t\t\t\t<h3 class=\"fw-price-title default-col\"\">\n\t\t\t\t\t\t\t\tJunior-Suite\t\t\t\t\t\t\t\t<\/h3>\n\t\t\t\t\t\t\t<\/div>\n\t\t\t\t\t\t\t\t\t\t\t\t<!--pricing row type-->\n\t\t\t\t\t\n\t\t\t\t\t\t\t\t\t<!--heading row type-->\n\t\t\t\t\t\t\t\t\t\t\t<div class=\"fw-price-row default-col\">\n\t\t\t\t\t\t\t<span class=\"fw-itable\">\n\t\t\t\t\t\t\t\t<span class=\"fw-icell default-col\">\n\t\t\t\t\t\t\t\t\t\t\t\t\t\t\t\t\t\t<b>Hauptsaison<\/b><br>\r\n1. M\u00e4rz \u2013 31. Oktober<br>\r\n21. Dezember \u2013 08. Januar\t\t\t\t\t\t\t\t<\/span>\n\t\t\t\t\t\t\t<\/span>\n\t\t\t\t\t\t<\/div>\n\t\t\t\t\t\n\t\t\t\t\t\t\t\t\t<!--heading row type-->\n\t\t\t\t\t\t\t\t\t\t\t\t\t\t\t\t\t\t<div class=\"fw-price-head default-col\">\n\t\t\t\t\t\t\t\t\t\t\t\t\t\t\t\t<h3 class=\"fw-price-title default-col\"\">\n\t\t\t\t\t\t\t\t\u20ac 240\t\t\t\t\t\t\t\t<\/h3>\n\t\t\t\t\t\t\t<\/div>\n\t\t\t\t\t\t\t\t\t\t\t\t<!--pricing row type-->\n\t\t\t\t\t\n\t\t\t\t\t\t\t\t\t<!--heading row type-->\n\t\t\t\t\t\t\t\t\t\t\t<div class=\"fw-price-row default-col\">\n\t\t\t\t\t\t\t<span class=\"fw-itable\">\n\t\t\t\t\t\t\t\t<span class=\"fw-icell default-col\">\n\t\t\t\t\t\t\t\t\t\t\t\t\t\t\t\t\t\t<b>Nebensaison<\/b><br>\r\n7. Januar \u2013 28. Februar<br>\r\n1. November \u2013 20. Dezember\t\t\t\t\t\t\t\t<\/span>\n\t\t\t\t\t\t\t<\/span>\n\t\t\t\t\t\t<\/div>\n\t\t\t\t\t\n\t\t\t\t\t\t\t\t\t<!--heading row type-->\n\t\t\t\t\t\t\t\t\t\t\t\t\t\t\t\t\t\t<div class=\"fw-price-head default-col\">\n\t\t\t\t\t\t\t\t\t\t\t\t\t\t\t\t<h3 class=\"fw-price-title default-col\"\">\n\t\t\t\t\t\t\t\t\u20ac 175\t\t\t\t\t\t\t\t<\/h3>\n\t\t\t\t\t\t\t<\/div>\n\t\t\t\t\t\t\t\t\t\t\t\t<!--pricing row type-->\n\t\t\t\t\t\n\t\t\t\t\t\t\t<\/div>\n\t\t<\/div>\n\t<\/div>\t\t<\/div>\n\t<\/div>\n<\/div><\/div>\n\n<div class=\"fw-row\">\n\t<div id=\"column-69f4b3cec7894\" class=\"fw-col-sm-12 fw-desktop-hide-element fw-tablet-landscape-hide-element fw-mobile-hide-element tf-sh-b9860b77a48311b5ca9e7b3687b342e5  fw-animated-element\" data-animation-type=\"fadeInUp\" data-animation-delay=\"300\">\n\t<div class=\"fw-wrap-col-inner clearfix  \"   >\n\t\t\t\t<div class=\"fw-col-inner\">\n\t\t\t<div class=\"fw-divider-space  fw-custom-space  clearfix\" style=\"height:90px;\" ><\/div><div class=\"tf-sh-bdc1d4eac19779d4300ba9f2fb294aab fw-table fw-table-bordered fw-table-hover fw-table-striped \" >\n\t<table>\n\t\t\t\t\t\t\t\t\t<thead>\n\t\t\t\t<tr class=\"heading-row\">\n\t\t\t\t\t\t\t\t\t\t\t<th class=\"table-col-desc\">\n\t\t\t\t\t\t\t\t\t\t\t\t\t<\/th>\n\t\t\t\t\t\t\t\t\t\t\t<th class=\"table-col-default\">\n\t\t\t\t\t\t\tNebensaison\t\t\t\t\t\t<\/th>\n\t\t\t\t\t\t\t\t\t\t\t<th class=\"table-col-default\">\n\t\t\t\t\t\t\tHauptsaison\t\t\t\t\t\t<\/th>\n\t\t\t\t\t\t\t\t\t<\/tr>\n\t\t\t\t<\/thead>\n\t\t\t\t\t\t\t\t\t\t\t\t<tr class=\"default-row\">\n\t\t\t\t\t\t\t\t\t\t\t\t\t\t\t\t\t\t<th class=\"table-col-desc\">\n\t\t\t\t\t\t\t\t\t\t\t\t\t\t\t<\/th>\n\t\t\t\t\t\t\t\t\t\t\t\t\t\t\t\t\t\t\t\t\t\t\t\t<td>\n\t\t\t\t\t\t\t\t9. Januar \u2013 28. Februar<br>\r\n1. November \u2013 20. Dezember\t\t\t\t\t\t\t<\/td>\n\t\t\t\t\t\t\t\t\t\t\t\t\t\t\t\t\t\t\t\t\t\t\t\t<td>\n\t\t\t\t\t\t\t\t1. M\u00e4rz \u2013 31. Oktober<br>\r\n21. Dezember \u2013 08. Januar\t\t\t\t\t\t\t<\/td>\n\t\t\t\t\t\t\t\t\t\t\t\t\t\t\t<\/tr>\n\t\t\t\t\t\t\t\t\t\t\t\t<tr class=\"default-row\">\n\t\t\t\t\t\t\t\t\t\t\t\t\t\t\t\t\t\t<th class=\"table-col-desc\">\n\t\t\t\t\t\t\t\t<b>Einzelzimmer<\/b>\t\t\t\t\t\t\t<\/th>\n\t\t\t\t\t\t\t\t\t\t\t\t\t\t\t\t\t\t\t\t\t\t\t\t<td>\n\t\t\t\t\t\t\t\t\u20ac 70 \u2013 \u20ac 80\t\t\t\t\t\t\t<\/td>\n\t\t\t\t\t\t\t\t\t\t\t\t\t\t\t\t\t\t\t\t\t\t\t\t<td>\n\t\t\t\t\t\t\t\t\u20ac 75 \u2013 \u20ac 90\t\t\t\t\t\t\t<\/td>\n\t\t\t\t\t\t\t\t\t\t\t\t\t\t\t<\/tr>\n\t\t\t\t\t\t\t\t\t\t\t\t<tr class=\"default-row\">\n\t\t\t\t\t\t\t\t\t\t\t\t\t\t\t\t\t\t<th class=\"table-col-desc\">\n\t\t\t\t\t\t\t\t<b>Doppelzimmer<\/b>\t\t\t\t\t\t\t<\/th>\n\t\t\t\t\t\t\t\t\t\t\t\t\t\t\t\t\t\t\t\t\t\t\t\t<td>\n\t\t\t\t\t\t\t\t\u20ac 120 \u2013 \u20ac 150\t\t\t\t\t\t\t<\/td>\n\t\t\t\t\t\t\t\t\t\t\t\t\t\t\t\t\t\t\t\t\t\t\t\t<td>\n\t\t\t\t\t\t\t\t\u20ac 130 \u2013 \u20ac 180\t\t\t\t\t\t\t<\/td>\n\t\t\t\t\t\t\t\t\t\t\t\t\t\t\t<\/tr>\n\t\t\t\t\t\t\t\t\t\t\t\t<tr class=\"default-row\">\n\t\t\t\t\t\t\t\t\t\t\t\t\t\t\t\t\t\t<th class=\"table-col-desc\">\n\t\t\t\t\t\t\t\t<b>Junior-Suite<\/b>\t\t\t\t\t\t\t<\/th>\n\t\t\t\t\t\t\t\t\t\t\t\t\t\t\t\t\t\t\t\t\t\t\t\t<td>\n\t\t\t\t\t\t\t\t\u20ac 175\t\t\t\t\t\t\t<\/td>\n\t\t\t\t\t\t\t\t\t\t\t\t\t\t\t\t\t\t\t\t\t\t\t\t<td>\n\t\t\t\t\t\t\t\t\u20ac 225\t\t\t\t\t\t\t<\/td>\n\t\t\t\t\t\t\t\t\t\t\t\t\t\t\t<\/tr>\n\t\t\t\t\t\t<\/table>\n<\/div>\t\t<\/div>\n\t<\/div>\n<\/div><\/div>\n\n\t<\/div>\n\t<\/section><section   class=\"fw-main-row  auto  fw-section-position-back\"    >\n\t\t\t<div class=\"fw-container\" >\n\t\t<div class=\"fw-row\">\n\t<div id=\"column-69f4b3cec7e94\" class=\"fw-tablet-hide-element  fw-col-sm-12 fw-mobile-hide-element tf-sh-95ebc1e956ceaaa8a0db56d654854ecb\" >\n\t<div class=\"fw-wrap-col-inner clearfix  \"   >\n\t\t\t\t<div class=\"fw-col-inner\">\n\t\t\t\t<div  class=\"fw-divider tf-sh-4287316be74ae2288ac193192d8ae87d  fw-animated-element fw-divider-align-center fw-line-solid fw-divider-line  \"  data-animation-type=\"fadeInUp\" data-animation-delay=\"300\" style=\"width:75%; padding-top:0px; margin-bottom:0px; border-color:#e0e0e4;\" ><\/div>\n\t\t<\/div>\n\t<\/div>\n<\/div><\/div>\n\n\t<\/div>\n\t<\/section><section   class=\"fw-main-row-custom  auto  fw-tablet-hide-element fw-section-position-back tf-sh-6dce67d87d1e2d4193ba0f7dcfa823d6\"    >\n\t\t\t<div class=\"fw-container\" >\n\t\t<div class=\"fw-row\">\n\t<div id=\"column-69f4b3cec850e\" class=\"fw-col-sm-12 tf-sh-621cf86e21108c22eaf4c679423a1138\" >\n\t<div class=\"fw-wrap-col-inner clearfix  \"   >\n\t\t\t\t<div class=\"fw-col-inner\">\n\t\t\t<div class=\"fw-heading fw-heading-left  tf-sh-ffc3b0b17f9d16fc21af6d233d529ec6\" >\n\t\t\t<h2 class=\"fw-special-title\">Pauschalangebote<\/h2>\n\t\n\t\n\t<\/div>\t\t<\/div>\n\t<\/div>\n<\/div><\/div>\n\n<div class=\"fw-row\">\n\t<div id=\"column-69f4b3cec871b\" class=\"fw-col-sm-12 tf-sh-621cf86e21108c22eaf4c679423a1138\" >\n\t<div class=\"fw-wrap-col-inner clearfix  \"   >\n\t\t\t\t<div class=\"fw-col-inner\">\n\t\t\t<div class=\"fw-divider-space  fw-custom-space  fw-mobile-hide-element clearfix\" style=\"height:40px;\" ><\/div>\t\t<\/div>\n\t<\/div>\n<\/div><\/div>\n\n<div class=\"fw-row\">\n\t<div id=\"column-69f4b3cec8980\" class=\"fw-col-sm-6  fw-col-md-4 tf-sh-b3646100e08f981a6eb3ab3b91b5ca10  fw-animated-element\" data-animation-type=\"fadeInUp\" data-animation-delay=\"300\">\n\t<div class=\"fw-wrap-col-inner clearfix  \"   >\n\t\t\t\t<div class=\"fw-col-inner\">\n\t\t\t<div class=\"fw-text-box tf-sh-d1097ba09c76db71f0f058609aec4a38 \" >\n\t<div class=\"fw-text-inner\">\n\t\t<p>Schlemmerwochenende<\/p>\n\t<\/div>\n<\/div><div class=\"fw-text-box tf-sh-8948452e926336593cfa4d4ad061d1f3 \" >\n\t<div class=\"fw-text-inner\">\n\t\t<p>Unser beliebtes Wochenende zum Kennenlernen<\/p>\n\t<\/div>\n<\/div>\t<div  class=\"fw-divider tf-sh-05845812c9c5f3d15fcb16055e97ad37  fw-divider-align-left fw-line-dotted fw-divider-line   fw_theme_border_only_color_5\"  style=\"width:25%; padding-top:10px; margin-bottom:15px; \" ><\/div>\n<div class=\"fw-text-box tf-sh-e51d4ad797e38d3969b25666c7e412bb \" >\n\t<div class=\"fw-text-inner\">\n\t\t<p>\u00bb Zwei \u00dcbernachtungen im Doppelzimmer mit\u00a0reichhaltigem Fr\u00fchst\u00fccksbuffet<br \/>\u00bb Zwei Thermalb\u00e4der in den balinea-Thermen<br \/>\u00bb \u00dcberraschungsmenu mit f\u00fcnf G\u00e4ngen<br \/>\u00bb Begr\u00fc\u00dfungsaperitif<\/p>\n\t<\/div>\n<\/div><div class=\"fw-divider-space  fw-custom-space  clearfix\" style=\"height:10px;\" ><\/div><div class=\"fw-text-box tf-sh-88210bb534f7a2f327e348a3ecb0f742 \" >\n\t<div class=\"fw-text-inner\">\n\t\t<p><b>\u20ac 299 <\/b>pro Person<\/p>\n\t<\/div>\n<\/div><div class=\"fw-divider-space  fw-custom-space  clearfix\" style=\"height:10px;\" ><\/div><div class=\"fw-text-box tf-sh-cc9a85d883d400e1de66f0bf211fce86 \" >\n\t<div class=\"fw-text-inner\">\n\t\t<p>Einzelzimmerzuschlag \u20ac 25 pro Person, inkl. MwSt., zzgl. Kurtaxe,\u00a0ganzj\u00e4hrig buchbar \u2013 Termine auf Anfrage.<\/p>\n\t<\/div>\n<\/div><div class=\"fw-divider-space  fw-custom-space  clearfix\" style=\"height:10px;\" ><\/div>\t\t<\/div>\n\t<\/div>\n<\/div><div id=\"column-69f4b3cec8fc4\" class=\"fw-col-sm-6  fw-col-md-4 tf-sh-871cd148bb7374a2f5610ea6a6533957  fw-animated-element\" data-animation-type=\"fadeInUp\" data-animation-delay=\"300\">\n\t<div class=\"fw-wrap-col-inner clearfix  \"   >\n\t\t\t\t<div class=\"fw-col-inner\">\n\t\t\t<div class=\"fw-text-box tf-sh-6a6cb78bf2c3bb50e2202ddc7e6a6260 \" >\n\t<div class=\"fw-text-inner\">\n\t\t<p>7 Tage wohlf\u00fchlen<\/p>\n\t<\/div>\n<\/div><div class=\"fw-text-box tf-sh-1fb27b983026993c869e5a4d33a01267 \" >\n\t<div class=\"fw-text-inner\">\n\t\t<p>Die Bad Bellinger Wohlf\u00fchlwoche<\/p>\n\t<\/div>\n<\/div>\t<div  class=\"fw-divider tf-sh-8f1c49bf562a02ad95b2666175f44690  fw-divider-align-left fw-line-dotted fw-divider-line   fw_theme_border_only_color_5\"  style=\"width:25%; padding-top:10px; margin-bottom:15px; \" ><\/div>\n<div class=\"fw-text-box tf-sh-0aeb20e02319a87a8a0a8b88a403b47d \" >\n\t<div class=\"fw-text-inner\">\n\t\t<p>\u00bb Sieben \u00dcbernachtungen im Doppelzimmer<br \/>\u00bb F\u00fcnf Tage Halbpension (reichhaltiges Fr\u00fchst\u00fccksbuffet\u00a0und Abendmenu mit vier G\u00e4ngen)<br \/>\u00bb Kulinarischer Abend mit f\u00fcnf G\u00e4ngen<br \/>\u00bb Ein z\u00fcnftiges Markgr\u00e4fler Vesper<br \/>\u00bb F\u00fcnf Thermalb\u00e4der in den balinea-Thermen<br \/>\u00bb Zwei Massagen<br \/>\u00bb Begr\u00fc\u00dfungsaperitif<\/p>\n\t<\/div>\n<\/div><div class=\"fw-divider-space  fw-custom-space  clearfix\" style=\"height:10px;\" ><\/div><div class=\"fw-text-box tf-sh-08edbab8ad845e433efcd7528911ed33 \" >\n\t<div class=\"fw-text-inner\">\n\t\t<p><b>\u20ac 799 <\/b>pro Person<\/p>\n\t<\/div>\n<\/div><div class=\"fw-divider-space  fw-custom-space  clearfix\" style=\"height:10px;\" ><\/div><div class=\"fw-text-box tf-sh-1909e308e0c511ba5407848a8695f1d1 \" >\n\t<div class=\"fw-text-inner\">\n\t\t<p>Einzelzimmerzuschlag \u20ac 90 pro Person, inkl. MwSt., zzgl. Kurtaxe, ganzj\u00e4hrig buchbar \u2013 ausgenommen Mai, September, Weihnachten, Silvester.<\/p>\n\t<\/div>\n<\/div><div class=\"fw-divider-space  fw-custom-space  clearfix\" style=\"height:10px;\" ><\/div>\t\t<\/div>\n\t<\/div>\n<\/div><div id=\"column-69f4b3cec9553\" class=\"fw-col-sm-6  fw-col-md-4 tf-sh-17ee636b78c699e6e9ddb750e4785a4c  fw-animated-element\" data-animation-type=\"fadeInUp\" data-animation-delay=\"300\">\n\t<div class=\"fw-wrap-col-inner clearfix  \"   >\n\t\t\t\t<div class=\"fw-col-inner\">\n\t\t\t<div class=\"fw-text-box tf-sh-4400e43a41038a98e37b4d38281a7e2a \" >\n\t<div class=\"fw-text-inner\">\n\t\t<p>14 Tage wohlf\u00fchlen<\/p>\n\t<\/div>\n<\/div><div class=\"fw-text-box tf-sh-087deb2e49083e0ef1559ac80fb62251 \" >\n\t<div class=\"fw-text-inner\">\n\t\t<p>Die doppelte Bad Bellinger Wohlf\u00fchlwoche<\/p>\n\t<\/div>\n<\/div>\t<div  class=\"fw-divider tf-sh-3b19b227fc5cc65cb135fad0cd599330  fw-divider-align-left fw-line-dotted fw-divider-line   fw_theme_border_only_color_5\"  style=\"width:25%; padding-top:10px; margin-bottom:15px; \" ><\/div>\n<div class=\"fw-text-box tf-sh-f9b63dfeeccbf7171e2e98357858869f \" >\n\t<div class=\"fw-text-inner\">\n\t\t<p>\u00bb 14 \u00dcbernachtungen im Doppelzimmer<br \/>\u00bb 11 Tage Halbpension (reichhaltiges Fr\u00fchst\u00fccksbuffet\u00a0und Abendmenu mit vier G\u00e4ngen)<br \/>\u00bb Kulinarischer Abend mit f\u00fcnf G\u00e4ngen<br \/>\u00bb Zwei z\u00fcnftige Markgr\u00e4fler Vesper<br \/>\u00bb 9 Thermalb\u00e4der in den balinea-Thermen<br \/>\u00bb Drei Massagen<br \/>\u00bb Begr\u00fc\u00dfungsaperitif<\/p>\n\t<\/div>\n<\/div><div class=\"fw-divider-space  fw-custom-space  clearfix\" style=\"height:10px;\" ><\/div><div class=\"fw-text-box tf-sh-0f34d4fa2220bdaa1c3dd8abc89da335 \" >\n\t<div class=\"fw-text-inner\">\n\t\t<p><b>\u20ac 1.449 <\/b>pro Person<\/p>\n\t<\/div>\n<\/div><div class=\"fw-divider-space  fw-custom-space  clearfix\" style=\"height:10px;\" ><\/div><div class=\"fw-text-box tf-sh-696caaa5fddd25b111c277889883e3f2 \" >\n\t<div class=\"fw-text-inner\">\n\t\t<p>Einzelzimmerzuschlag \u20ac 150 pro Person, inkl. MwSt., zzgl. Kurtaxe, ganzj\u00e4hrig buchbar \u2013 ausgenommen Mai, Juni, September, Weihnachten, Silvester.<\/p>\n\t<\/div>\n<\/div><div class=\"fw-divider-space  fw-custom-space  clearfix\" style=\"height:10px;\" ><\/div>\t\t<\/div>\n\t<\/div>\n<\/div><\/div>\n\n<div class=\"fw-row\">\n\t<div id=\"column-69f4b3cec9bad\" class=\"fw-col-sm-6  fw-col-md-4 tf-sh-d1b85b958a6fbd3931d983fd850bb212  fw-animated-element\" data-animation-type=\"fadeInUp\" data-animation-delay=\"300\">\n\t<div class=\"fw-wrap-col-inner clearfix  \"   >\n\t\t\t\t<div class=\"fw-col-inner\">\n\t\t\t<div class=\"fw-text-box tf-sh-a3c77dcd2eaac95816a55bcddd901ae0 \" >\n\t<div class=\"fw-text-inner\">\n\t\t<p>Das Oster-Ei<\/p>\n\t<\/div>\n<\/div><div class=\"fw-text-box tf-sh-b101439a8ff59e01263c6be3b4e3b8ce \" >\n\t<div class=\"fw-text-inner\">\n\t\t<p>Erleben Sie den Fr\u00fchlingsbeginn in Bad Bellingen<\/p>\n\t<\/div>\n<\/div>\t<div  class=\"fw-divider tf-sh-c63d3f5eedb19e1565800d65935468af  fw-divider-align-left fw-line-dotted fw-divider-line   fw_theme_border_only_color_5\"  style=\"width:25%; padding-top:10px; margin-bottom:15px; \" ><\/div>\n<div class=\"fw-text-box tf-sh-a0580f79962d47de1d32ae5b5b8bfc9f \" >\n\t<div class=\"fw-text-inner\">\n\t\t<p>\u00bb Vier \u00dcbernachtungen im Doppelzimmer<br \/>\u00bb Drei Tage Halbpension (reichhaltiges Fr\u00fchst\u00fccksbuffet\u00a0und Abendmenu mit vier G\u00e4ngen)<br \/>\u00bb Oster-Menu mit vier G\u00e4ngen<br \/>\u00bb Drei Thermalb\u00e4der in den balinea-Thermen<br \/>\u00bb Begr\u00fc\u00dfungsaperitif<\/p>\n\t<\/div>\n<\/div><div class=\"fw-divider-space  fw-custom-space  clearfix\" style=\"height:10px;\" ><\/div><div class=\"fw-text-box tf-sh-242229227bf7a736d9934ef4a280cc9d \" >\n\t<div class=\"fw-text-inner\">\n\t\t<p><b>\u20ac 449 <\/b>pro Person<\/p>\n\t<\/div>\n<\/div><div class=\"fw-divider-space  fw-custom-space  clearfix\" style=\"height:10px;\" ><\/div><div class=\"fw-text-box tf-sh-1a2b58681cb76796f0fe0bcfe0df0a1a \" >\n\t<div class=\"fw-text-inner\">\n\t\t<p>Einzelzimmerzuschlag \u20ac 50 pro Person, inkl. MwSt., zzgl. Kurtaxe, Gr\u00fcndonnerstag bis Ostermontag, 02. bis 06. April.<\/p>\n\t<\/div>\n<\/div><div class=\"fw-divider-space  fw-custom-space  clearfix\" style=\"height:10px;\" ><\/div>\t\t<\/div>\n\t<\/div>\n<\/div><div id=\"column-69f4b3ceca13a\" class=\"fw-col-sm-6  fw-col-md-4 tf-sh-3471508c2f4d3bbaa2dce4f1a7041f63  fw-animated-element\" data-animation-type=\"fadeInUp\" data-animation-delay=\"300\">\n\t<div class=\"fw-wrap-col-inner clearfix  \"   >\n\t\t\t\t<div class=\"fw-col-inner\">\n\t\t\t<div class=\"fw-text-box tf-sh-b86fb6663840d1170fd9bcc001f5f885 \" >\n\t<div class=\"fw-text-inner\">\n\t\t<p>Die Konstanzer Woche<\/p>\n\t<\/div>\n<\/div><div class=\"fw-text-box tf-sh-c17542776ed4a0b25ac68ded278e2b34 \" >\n\t<div class=\"fw-text-inner\">\n\t\t<p>Nicht nur f\u00fcr Konstanzer!<\/p>\n\t<\/div>\n<\/div>\t<div  class=\"fw-divider tf-sh-bdda89399ba4b5d648506b3d97e74a21  fw-divider-align-left fw-line-dotted fw-divider-line   fw_theme_border_only_color_5\"  style=\"width:25%; padding-top:10px; margin-bottom:15px; \" ><\/div>\n<div class=\"fw-text-box tf-sh-e552f7d025cd5f0b599eda759306f5fb \" >\n\t<div class=\"fw-text-inner\">\n\t\t<p>\u00bb Sechs \u00dcbernachtungen im Doppelzimmer<br \/>\u00bb F\u00fcnf Tage Halbpension (reichhaltiges Fr\u00fchst\u00fccksbuffet\u00a0und Abendmenu mit vier G\u00e4ngen)<br \/>\u00bb \u00dcberraschungsmenu mit f\u00fcnf G\u00e4ngen<br \/>\u00bb T\u00e4glich ein Viertele Markgr\u00e4fler Gutedel<br \/>\u00bb Eine Ausflugsfahrt sowie eine gef\u00fchrte Weinprobe<br \/>\u00bb Drei Thermalb\u00e4der in den balinea-Thermen<br \/>\u00bb Begr\u00fc\u00dfungsaperitif<\/p>\n\t<\/div>\n<\/div><div class=\"fw-divider-space  fw-custom-space  clearfix\" style=\"height:10px;\" ><\/div><div class=\"fw-text-box tf-sh-86bb4d6e9634c8be15d461de9fac33a1 \" >\n\t<div class=\"fw-text-inner\">\n\t\t<p><b>\u20ac 599 <\/b>pro Person<\/p>\n\t<\/div>\n<\/div><div class=\"fw-divider-space  fw-custom-space  clearfix\" style=\"height:10px;\" ><\/div><div class=\"fw-text-box tf-sh-1cf11973969dd68b7897e023a461539e \" >\n\t<div class=\"fw-text-inner\">\n\t\t<p>Einzelzimmerzuschlag \u20ac 80 pro Person, inkl. MwSt., zzgl. Kurtaxe. Termin: Sonntag, den 18. bis Samstag, den 24. Oktober.<\/p>\n\t<\/div>\n<\/div><div class=\"fw-divider-space  fw-custom-space  clearfix\" style=\"height:10px;\" ><\/div>\t\t<\/div>\n\t<\/div>\n<\/div><div id=\"column-69f4b3ceca6bf\" class=\"fw-col-sm-6  fw-col-md-4 tf-sh-bcf709e49626d4297ecb3ac8e5e1f900  fw-animated-element\" data-animation-type=\"fadeInUp\" data-animation-delay=\"300\">\n\t<div class=\"fw-wrap-col-inner clearfix  \"   >\n\t\t\t\t<div class=\"fw-col-inner\">\n\t\t\t<div class=\"fw-text-box tf-sh-87a6d349cc304147f2b9a2b6003603b9 \" >\n\t<div class=\"fw-text-inner\">\n\t\t<p>Adventsp\u00e4ckle<\/p>\n\t<\/div>\n<\/div><div class=\"fw-text-box tf-sh-f4329d8e329af1063ac796da869413dc \" >\n\t<div class=\"fw-text-inner\">\n\t\t<p>Weihnachtsm\u00e4rkte und Christmas-Shopping<\/p>\n\t<\/div>\n<\/div>\t<div  class=\"fw-divider tf-sh-822321716296207beb863d95a09a38b4  fw-divider-align-left fw-line-dotted fw-divider-line   fw_theme_border_only_color_5\"  style=\"width:25%; padding-top:10px; margin-bottom:15px; \" ><\/div>\n<div class=\"fw-text-box tf-sh-9e74430d7a3166a36f65557051f822ff \" >\n\t<div class=\"fw-text-inner\">\n\t\t<p>\u00bb Zwei \u00dcbernachtungen im Doppelzimmer<br \/>\u00bb Zwei Tage Halbpension (reichhaltiges Fr\u00fchst\u00fccksbuffet\u00a0und Abendmenu mit vier G\u00e4ngen)<br \/>\u00bb Ein Eintritt in die balinea-Thermen, inkl. Saunapark<br \/>\u00bb Begr\u00fc\u00dfungsaperitif<\/p>\n<p>Mit der Konus-G\u00e4stekarte kostenfreie Bahnfahrt zum\u00a0Weihnachtsbummel nach Basel oder Freiburg<\/p>\n\t<\/div>\n<\/div><div class=\"fw-divider-space  fw-custom-space  clearfix\" style=\"height:10px;\" ><\/div><div class=\"fw-text-box tf-sh-9b6c7d044e391003365e499b92f1ea2a \" >\n\t<div class=\"fw-text-inner\">\n\t\t<p><b>\u20ac 225 <\/b>pro Person<\/p>\n\t<\/div>\n<\/div><div class=\"fw-divider-space  fw-custom-space  clearfix\" style=\"height:10px;\" ><\/div><div class=\"fw-text-box tf-sh-3d6fa3564cf7882831ab8f8f10d88978 \" >\n\t<div class=\"fw-text-inner\">\n\t\t<p>Einzelzimmerzuschlag \u20ac 30 pro Person, inkl. MwSt., zzgl. Kurtaxe, buchbar von 01. November bis 20. Dezember.<\/p>\n\t<\/div>\n<\/div><div class=\"fw-divider-space  fw-custom-space  clearfix\" style=\"height:10px;\" ><\/div>\t\t<\/div>\n\t<\/div>\n<\/div><\/div>\n\n<div class=\"fw-row\">\n\t<div id=\"column-69f4b3cecacf3\" class=\"fw-col-sm-6  fw-col-md-4 tf-sh-d5087c6be3b1d0820b5505e1c4920d52  fw-animated-element\" data-animation-type=\"fadeInUp\" data-animation-delay=\"300\">\n\t<div class=\"fw-wrap-col-inner clearfix  \"   >\n\t\t\t\t<div class=\"fw-col-inner\">\n\t\t\t<div class=\"fw-text-box tf-sh-392252f2cd5212e4f53b9a67d61bf9a2 \" >\n\t<div class=\"fw-text-inner\">\n\t\t<p>Weihnachtsarrangement<\/p>\n\t<\/div>\n<\/div><div class=\"fw-text-box tf-sh-5011bdbeec69799c5423315faefe90b5 \" >\n\t<div class=\"fw-text-inner\">\n\t\t<p>Winterzauber im Markgr\u00e4flerland<\/p>\n\t<\/div>\n<\/div>\t<div  class=\"fw-divider tf-sh-9db53d77697c58ce318a71475e5f4b06  fw-divider-align-left fw-line-dotted fw-divider-line   fw_theme_border_only_color_5\"  style=\"width:25%; padding-top:10px; margin-bottom:15px; \" ><\/div>\n<div class=\"fw-text-box tf-sh-f7881c4971b15d1ca148ceffc5d6ebaa \" >\n\t<div class=\"fw-text-inner\">\n\t\t<p>\u00bb F\u00fcnf \u00dcbernachtungen im Doppelzimmer<br \/>\u00bb Drei Tage Halbpension (reichhaltiges Fr\u00fchst\u00fccksbuffet&nbsp;und Abendmenu mit vier G\u00e4ngen)<br \/>\u00bb Festliches Buffet am heiligen Abend<br \/>\u00bb Exklusives Menu mit vier G\u00e4ngen am ersten Weihnachtsfeiertag<br \/>\u00bb Drei Thermalb\u00e4der in den balinea-Thermen<br \/>\u00bb Begr\u00fc\u00dfungsaperitif<\/p>\n\t<\/div>\n<\/div><div class=\"fw-divider-space  fw-custom-space  clearfix\" style=\"height:10px;\" ><\/div><div class=\"fw-text-box tf-sh-0af19d442cfa0d5b1487904011c880d1 \" >\n\t<div class=\"fw-text-inner\">\n\t\t<p><b>\u20ac 699 <\/b>pro Person<\/p>\n\t<\/div>\n<\/div><div class=\"fw-divider-space  fw-custom-space  clearfix\" style=\"height:10px;\" ><\/div><div class=\"fw-text-box tf-sh-d68c0b0e8b95ac2c6a70fe4b0a1c0187 \" >\n\t<div class=\"fw-text-inner\">\n\t\t<p>Einzelzimmerzuschlag \u20ac 80 pro Person, inkl. MwSt., zzgl. Kurtaxe, Termine auf Anfrage.<\/p>\n\t<\/div>\n<\/div>\t\t<\/div>\n\t<\/div>\n<\/div><div id=\"column-69f4b3cecb226\" class=\"fw-col-sm-6  fw-col-md-4 tf-sh-e56f70e8a69d7596610214e3b92548bf  fw-animated-element\" data-animation-type=\"fadeInUp\" data-animation-delay=\"300\">\n\t<div class=\"fw-wrap-col-inner clearfix  \"   >\n\t\t\t\t<div class=\"fw-col-inner\">\n\t\t\t<div class=\"fw-text-box tf-sh-3f821e5c40bd780504605975ea395e78 \" >\n\t<div class=\"fw-text-inner\">\n\t\t<p>Markgr\u00e4fler Golf-Woche<\/p>\n\t<\/div>\n<\/div><div class=\"fw-text-box tf-sh-de0269d18c3946307583f56fd7f8b3c0 \" >\n\t<div class=\"fw-text-inner\">\n\t\t<p>Genu\u00dfvoll golfen in Bad Bellingen<\/p>\n\t<\/div>\n<\/div>\t<div  class=\"fw-divider tf-sh-f50d89532bf4c05bdc7fa77ab346a74b  fw-divider-align-left fw-line-dotted fw-divider-line   fw_theme_border_only_color_5\"  style=\"width:25%; padding-top:10px; margin-bottom:15px; \" ><\/div>\n<div class=\"fw-text-box tf-sh-085680679dfc16a2a570b5bc62684d34 \" >\n\t<div class=\"fw-text-inner\">\n\t\t<p>\u00bb Sieben \u00dcbernachtungen im Doppelzimmer<br \/>\u00bb F\u00fcnf Tage Halbpension (reichhaltiges Fr\u00fchst\u00fccksbuffet\u00a0und Abendmenu mit vier G\u00e4ngen)<br \/>\u00bb Viermal Greenfee im Drei-Thermen-Golfresort (vier Pl\u00e4tze)<br \/>\u00bb \u00dcberraschungsmenu mit f\u00fcnf G\u00e4ngen<br \/>\u00bb Ein z\u00fcnftiges Markgr\u00e4fler Vesper\u00a0<br \/>\u00bb Drei Thermalb\u00e4der in den balinea-Thermen<br \/>\u00bb Ein Set Markushof-Golfb\u00e4lle<br \/>\u00bb Begr\u00fc\u00dfungsaperitif<\/p>\n\t<\/div>\n<\/div><div class=\"fw-divider-space  fw-custom-space  clearfix\" style=\"height:10px;\" ><\/div><div class=\"fw-text-box tf-sh-841775a87aa9a2ef86cf371b34884ec8 \" >\n\t<div class=\"fw-text-inner\">\n\t\t<p><b>\u20ac 1.250 <\/b>pro Person<\/p>\n\t<\/div>\n<\/div><div class=\"fw-divider-space  fw-custom-space  clearfix\" style=\"height:10px;\" ><\/div><div class=\"fw-text-box tf-sh-da91370ffd792b2054534e7dfcfd2b2d \" >\n\t<div class=\"fw-text-inner\">\n\t\t<p>Einzelzimmerzuschlag \u20ac 75 pro Person, inkl. MwSt., zzgl. Kurtaxe,\u00a0ganzj\u00e4hrig buchbar \u2013 Termine auf Anfrage.<\/p>\n\t<\/div>\n<\/div>\t\t<\/div>\n\t<\/div>\n<\/div><\/div>\n\n\t<\/div>\n\t<\/section><section   class=\"fw-main-row-custom  auto  fw-desktop-hide-element fw-tablet-landscape-hide-element fw-mobile-hide-element fw-section-position-back tf-sh-44162880d92164f570a908285b9b4d93\"    >\n\t\t\t<div class=\"fw-container\" >\n\t\t<div class=\"fw-row\">\n\t<div id=\"column-69f4b3cecbb2c\" class=\"fw-col-sm-12 tf-sh-621cf86e21108c22eaf4c679423a1138\" >\n\t<div class=\"fw-wrap-col-inner clearfix  \"   >\n\t\t\t\t<div class=\"fw-col-inner\">\n\t\t\t<div class=\"fw-heading fw-heading-left  tf-sh-021c8d0a269ee17682de537ffd6ef848\" >\n\t\t\t<h2 class=\"fw-special-title\">Pauschalangebote<\/h2>\n\t\n\t\n\t<\/div>\t\t<\/div>\n\t<\/div>\n<\/div><\/div>\n\n<div class=\"fw-row\">\n\t<div id=\"column-69f4b3cecbd30\" class=\"fw-col-sm-12 tf-sh-621cf86e21108c22eaf4c679423a1138\" >\n\t<div class=\"fw-wrap-col-inner clearfix  \"   >\n\t\t\t\t<div class=\"fw-col-inner\">\n\t\t\t<div class=\"fw-divider-space  fw-custom-space  fw-mobile-hide-element clearfix\" style=\"height:40px;\" ><\/div>\t\t<\/div>\n\t<\/div>\n<\/div><\/div>\n\n<div class=\"fw-row\">\n\t<div id=\"column-69f4b3cecbf1e\" class=\"fw-col-sm-6  fw-col-md-6 tf-sh-8b5120ad8744c945d0fa8796ccdb1926  fw-animated-element\" data-animation-type=\"fadeInUp\" data-animation-delay=\"300\">\n\t<div class=\"fw-wrap-col-inner clearfix  \"   >\n\t\t\t\t<div class=\"fw-col-inner\">\n\t\t\t<div class=\"fw-text-box tf-sh-35b8ba9e653236da49268730c12bc080 \" >\n\t<div class=\"fw-text-inner\">\n\t\t<p>Schlemmerwochenende<\/p>\n\t<\/div>\n<\/div><div class=\"fw-text-box tf-sh-c4931ae0f0cfcfb94e176662d15eb453 \" >\n\t<div class=\"fw-text-inner\">\n\t\t<p>Unser beliebtes Wochenende zum Kennenlernen<\/p>\n\t<\/div>\n<\/div>\t<div  class=\"fw-divider tf-sh-611aee05712976ac82d1e94c0aff8a70  fw-divider-align-left fw-line-dotted fw-divider-line   fw_theme_border_only_color_5\"  style=\"width:25%; padding-top:10px; margin-bottom:15px; \" ><\/div>\n<div class=\"fw-text-box tf-sh-a308c25919d29c6849b7339a90e2c464 \" >\n\t<div class=\"fw-text-inner\">\n\t\t<p>\u00bb Zwei \u00dcbernachtungen im Doppelzimmer mit\u00a0reichhaltigem Fr\u00fchst\u00fccksbuffet<br \/>\u00bb Zwei Thermalb\u00e4der in den balinea-Thermen<br \/>\u00bb \u00dcberraschungsmenu mit f\u00fcnf G\u00e4ngen<br \/>\u00bb Begr\u00fc\u00dfungsaperitif<\/p>\n\t<\/div>\n<\/div><div class=\"fw-divider-space  fw-custom-space  clearfix\" style=\"height:10px;\" ><\/div><div class=\"fw-text-box tf-sh-dd1762c6012c84ce3bb7e98977c165a9 \" >\n\t<div class=\"fw-text-inner\">\n\t\t<p><b>\u20ac 299 <\/b>pro Person<\/p>\n\t<\/div>\n<\/div><div class=\"fw-divider-space  fw-custom-space  clearfix\" style=\"height:10px;\" ><\/div><div class=\"fw-text-box tf-sh-8a72b19adc3c29105db6db5c0a0cb003 \" >\n\t<div class=\"fw-text-inner\">\n\t\t<p>Einzelzimmerzuschlag \u20ac 25 pro Person, inkl. MwSt., zzgl. Kurtaxe,\u00a0ganzj\u00e4hrig buchbar \u2013 Termine auf Anfrage.<\/p>\n\t<\/div>\n<\/div><div class=\"fw-divider-space  fw-custom-space  clearfix\" style=\"height:10px;\" ><\/div>\t\t<\/div>\n\t<\/div>\n<\/div><div id=\"column-69f4b3cecc4ac\" class=\"fw-col-sm-6  fw-col-md-6 tf-sh-1d847967b16a644b6e66a29872ae780f  fw-animated-element\" data-animation-type=\"fadeInUp\" data-animation-delay=\"300\">\n\t<div class=\"fw-wrap-col-inner clearfix  \"   >\n\t\t\t\t<div class=\"fw-col-inner\">\n\t\t\t<div class=\"fw-text-box tf-sh-f778f7ffffb78f9d49e72ad284272185 \" >\n\t<div class=\"fw-text-inner\">\n\t\t<p>7 Tage wohlf\u00fchlen<\/p>\n\t<\/div>\n<\/div><div class=\"fw-text-box tf-sh-51535f9294ecd0387a4bd1ba561f0418 \" >\n\t<div class=\"fw-text-inner\">\n\t\t<p>Die Bad Bellinger Wohlf\u00fchlwoche<\/p>\n\t<\/div>\n<\/div>\t<div  class=\"fw-divider tf-sh-9f83cd29f25c35a577ef2773fbfd1897  fw-divider-align-left fw-line-dotted fw-divider-line   fw_theme_border_only_color_5\"  style=\"width:25%; padding-top:10px; margin-bottom:15px; \" ><\/div>\n<div class=\"fw-text-box tf-sh-5768569038734c232a78ecb0123df055 \" >\n\t<div class=\"fw-text-inner\">\n\t\t<p>\u00bb Sieben \u00dcbernachtungen im Doppelzimmer<br \/>\u00bb F\u00fcnf Tage Halbpension (reichhaltiges Fr\u00fchst\u00fccksbuffet\u00a0und Abendmenu mit vier G\u00e4ngen)<br \/>\u00bb Kulinarischer Abend mit f\u00fcnf G\u00e4ngen<br \/>\u00bb Ein z\u00fcnftiges Markgr\u00e4fler Vesper\u00a0<br \/>\u00bb F\u00fcnf Thermalb\u00e4der in den balinea-Thermen<br \/>\u00bb Zwei Massagen<br \/>\u00bb Begr\u00fc\u00dfungsaperitif<\/p>\n\t<\/div>\n<\/div><div class=\"fw-divider-space  fw-custom-space  clearfix\" style=\"height:10px;\" ><\/div><div class=\"fw-text-box tf-sh-cba330f7a02db47ec597614872b1f756 \" >\n\t<div class=\"fw-text-inner\">\n\t\t<p><b>\u20ac 799 <\/b>pro Person<\/p>\n\t<\/div>\n<\/div><div class=\"fw-divider-space  fw-custom-space  clearfix\" style=\"height:10px;\" ><\/div><div class=\"fw-text-box tf-sh-0010e3c41669e0b49be092b37f8b630b \" >\n\t<div class=\"fw-text-inner\">\n\t\t<p>Einzelzimmerzuschlag \u20ac 90 pro Person, inkl. MwSt., zzgl. Kurtaxe, ganzj\u00e4hrig buchbar \u2013 ausgenommen Mai, September, Weihnachten, Silvester.<\/p>\n\t<\/div>\n<\/div><div class=\"fw-divider-space  fw-custom-space  clearfix\" style=\"height:10px;\" ><\/div>\t\t<\/div>\n\t<\/div>\n<\/div><\/div>\n\n<div class=\"fw-row\">\n\t<div id=\"column-69f4b3ceccade\" class=\"fw-col-sm-6  fw-col-md-6 tf-sh-3966ab87ba1efc0c88ffec52a5101b11  fw-animated-element\" data-animation-type=\"fadeInUp\" data-animation-delay=\"300\">\n\t<div class=\"fw-wrap-col-inner clearfix  \"   >\n\t\t\t\t<div class=\"fw-col-inner\">\n\t\t\t<div class=\"fw-text-box tf-sh-228a3857256312665cbe3c7100e24e2d \" >\n\t<div class=\"fw-text-inner\">\n\t\t<p>14 Tage wohlf\u00fchlen<\/p>\n\t<\/div>\n<\/div><div class=\"fw-text-box tf-sh-32e6db181aa311d8e076eb04cf0c6770 \" >\n\t<div class=\"fw-text-inner\">\n\t\t<p>Die doppelte Bad Bellinger Wohlf\u00fchlwoche<\/p>\n\t<\/div>\n<\/div>\t<div  class=\"fw-divider tf-sh-c555b08ab23d61092a4abbb8ad9f0731  fw-divider-align-left fw-line-dotted fw-divider-line   fw_theme_border_only_color_5\"  style=\"width:25%; padding-top:10px; margin-bottom:15px; \" ><\/div>\n<div class=\"fw-text-box tf-sh-fe58430ad90e2258dcce946d26015117 \" >\n\t<div class=\"fw-text-inner\">\n\t\t<p>\u00bb 14 \u00dcbernachtungen im Doppelzimmer<br \/>\u00bb 11 Tage Halbpension (reichhaltiges Fr\u00fchst\u00fccksbuffet\u00a0und Abendmenu mit vier G\u00e4ngen)<br \/>\u00bb Kulinarischer Abend mit f\u00fcnf G\u00e4ngen<br \/>\u00bb Zwei z\u00fcnftige Markgr\u00e4fler Vesper\u00a0<br \/>\u00bb 9 Thermalb\u00e4der in den balinea-Thermen<br \/>\u00bb Drei Massagen<br \/>\u00bb Begr\u00fc\u00dfungsaperitif<\/p>\n\t<\/div>\n<\/div><div class=\"fw-divider-space  fw-custom-space  clearfix\" style=\"height:10px;\" ><\/div><div class=\"fw-text-box tf-sh-d52e0ad837da42c419a7736674760b5f \" >\n\t<div class=\"fw-text-inner\">\n\t\t<p><b>\u20ac 1.449 <\/b>pro Person<\/p>\n\t<\/div>\n<\/div><div class=\"fw-divider-space  fw-custom-space  clearfix\" style=\"height:10px;\" ><\/div><div class=\"fw-text-box tf-sh-db66da1cf03b10e20cb5028a965f7d3b \" >\n\t<div class=\"fw-text-inner\">\n\t\t<p>Einzelzimmerzuschlag \u20ac 150 pro Person, inkl. MwSt., zzgl. Kurtaxe, ganzj\u00e4hrig buchbar \u2013 ausgenommen Mai, Juni, September, Weihnachten, Silvester.<\/p>\n\t<\/div>\n<\/div><div class=\"fw-divider-space  fw-custom-space  clearfix\" style=\"height:10px;\" ><\/div>\t\t<\/div>\n\t<\/div>\n<\/div><div id=\"column-69f4b3cecd06c\" class=\"fw-col-sm-6  fw-col-md-6 tf-sh-ea3699d3be5ef3b383aa3dfac3e74ef8  fw-animated-element\" data-animation-type=\"fadeInUp\" data-animation-delay=\"300\">\n\t<div class=\"fw-wrap-col-inner clearfix  \"   >\n\t\t\t\t<div class=\"fw-col-inner\">\n\t\t\t<div class=\"fw-text-box tf-sh-d44533a3118343acd485259d7dbbee2f \" >\n\t<div class=\"fw-text-inner\">\n\t\t<p>Das Oster-Ei<\/p>\n\t<\/div>\n<\/div><div class=\"fw-text-box tf-sh-0d4233f1cbe3c4029d829a55b796a2b8 \" >\n\t<div class=\"fw-text-inner\">\n\t\t<p>Erleben Sie den Fr\u00fchlingsbeginn in Bad Bellingen<\/p>\n\t<\/div>\n<\/div>\t<div  class=\"fw-divider tf-sh-ab451697404a0c48c71794012992d2ec  fw-divider-align-left fw-line-dotted fw-divider-line   fw_theme_border_only_color_5\"  style=\"width:25%; padding-top:10px; margin-bottom:15px; \" ><\/div>\n<div class=\"fw-text-box tf-sh-c877bc2356d807a6aafbbb61905aad78 \" >\n\t<div class=\"fw-text-inner\">\n\t\t<p>\u00bb Vier \u00dcbernachtungen im Doppelzimmer<br \/>\u00bb Drei Tage Halbpension (reichhaltiges Fr\u00fchst\u00fccksbuffet\u00a0und Abendmenu mit vier G\u00e4ngen)<br \/>\u00bb Oster-Menu mit vier G\u00e4ngen<br \/>\u00bb Drei Thermalb\u00e4der in den balinea-Thermen<br \/>\u00bb Begr\u00fc\u00dfungsaperitif<\/p>\n\t<\/div>\n<\/div><div class=\"fw-divider-space  fw-custom-space  clearfix\" style=\"height:10px;\" ><\/div><div class=\"fw-text-box tf-sh-ccccd783317e20c90f51084137a7edcf \" >\n\t<div class=\"fw-text-inner\">\n\t\t<p><b>\u20ac 449 <\/b>pro Person<\/p>\n\t<\/div>\n<\/div><div class=\"fw-divider-space  fw-custom-space  clearfix\" style=\"height:10px;\" ><\/div><div class=\"fw-text-box tf-sh-f2b5f06038ac8ac3721b6b80931caab0 \" >\n\t<div class=\"fw-text-inner\">\n\t\t<p>Einzelzimmerzuschlag \u20ac 50 pro Person, inkl. MwSt., zzgl. Kurtaxe. Termin: Gr\u00fcndonnerstag bis Ostermontag, 02. bis 06. April.<\/p>\n\t<\/div>\n<\/div><div class=\"fw-divider-space  fw-custom-space  clearfix\" style=\"height:10px;\" ><\/div>\t\t<\/div>\n\t<\/div>\n<\/div><\/div>\n\n<div class=\"fw-row\">\n\t<div id=\"column-69f4b3cecd68f\" class=\"fw-col-sm-6  fw-col-md-6 tf-sh-b1c81efd7d9f40eb306aaed844c54f0f  fw-animated-element\" data-animation-type=\"fadeInUp\" data-animation-delay=\"300\">\n\t<div class=\"fw-wrap-col-inner clearfix  \"   >\n\t\t\t\t<div class=\"fw-col-inner\">\n\t\t\t<div class=\"fw-text-box tf-sh-b116c4cbe33dc61883a897814af0e4df \" >\n\t<div class=\"fw-text-inner\">\n\t\t<p>Die Konstanzer Woche<\/p>\n\t<\/div>\n<\/div><div class=\"fw-text-box tf-sh-7ca7a225741aaff71949438a0e3ed979 \" >\n\t<div class=\"fw-text-inner\">\n\t\t<p>Nicht nur f\u00fcr Konstanzer!<\/p>\n\t<\/div>\n<\/div>\t<div  class=\"fw-divider tf-sh-bc245bae17945c39cbfb95dc76a4e089  fw-divider-align-left fw-line-dotted fw-divider-line   fw_theme_border_only_color_5\"  style=\"width:25%; padding-top:10px; margin-bottom:15px; \" ><\/div>\n<div class=\"fw-text-box tf-sh-05d9475dc69329e66eef16903742bd36 \" >\n\t<div class=\"fw-text-inner\">\n\t\t<p>\u00bb Sechs \u00dcbernachtungen im Doppelzimmer<br \/>\u00bb F\u00fcnf Tage Halbpension (reichhaltiges Fr\u00fchst\u00fccksbuffet\u00a0und Abendmenu mit vier G\u00e4ngen)<br \/>\u00bb \u00dcberraschungsmenu mit f\u00fcnf G\u00e4ngen<br \/>\u00bb T\u00e4glich ein Viertele Markgr\u00e4fler Gutedel<br \/>\u00bb Eine Ausflugsfahrt sowie eine gef\u00fchrte Weinprobe<br \/>\u00bb Drei Thermalb\u00e4der in den balinea-Thermen<br \/>\u00bb Begr\u00fc\u00dfungsaperitif<\/p>\n\t<\/div>\n<\/div><div class=\"fw-divider-space  fw-custom-space  clearfix\" style=\"height:10px;\" ><\/div><div class=\"fw-text-box tf-sh-2fe2c500a664d2b240217569a5738492 \" >\n\t<div class=\"fw-text-inner\">\n\t\t<p><b>\u20ac 649 <\/b>pro Person<\/p>\n\t<\/div>\n<\/div><div class=\"fw-divider-space  fw-custom-space  clearfix\" style=\"height:10px;\" ><\/div><div class=\"fw-text-box tf-sh-c82083eddc589f8fc180fad7fb07d749 \" >\n\t<div class=\"fw-text-inner\">\n\t\t<p>Einzelzimmerzuschlag \u20ac 80 pro Person, inkl. MwSt., zzgl. Kurtaxe. Termin: Sonntag, den 18. bis Samstag, den 24. Oktober.<\/p>\n\t<\/div>\n<\/div><div class=\"fw-divider-space  fw-custom-space  clearfix\" style=\"height:10px;\" ><\/div>\t\t<\/div>\n\t<\/div>\n<\/div><div id=\"column-69f4b3cecdc27\" class=\"fw-col-sm-6  fw-col-md-6 tf-sh-e0df80c32c593c6ba7ceddc207d03450  fw-animated-element\" data-animation-type=\"fadeInUp\" data-animation-delay=\"300\">\n\t<div class=\"fw-wrap-col-inner clearfix  \"   >\n\t\t\t\t<div class=\"fw-col-inner\">\n\t\t\t<div class=\"fw-text-box tf-sh-d750a9f959816d0c711d1266ac20843b \" >\n\t<div class=\"fw-text-inner\">\n\t\t<p>Adventsp\u00e4ckle<\/p>\n\t<\/div>\n<\/div><div class=\"fw-text-box tf-sh-f2ae67794afd59deb5d0ab62098401a6 \" >\n\t<div class=\"fw-text-inner\">\n\t\t<p>Weihnachtsm\u00e4rkte und Christmas-Shopping<\/p>\n\t<\/div>\n<\/div>\t<div  class=\"fw-divider tf-sh-2bdee95e7ddf74f01b1637ff81a5844c  fw-divider-align-left fw-line-dotted fw-divider-line   fw_theme_border_only_color_5\"  style=\"width:25%; padding-top:10px; margin-bottom:15px; \" ><\/div>\n<div class=\"fw-text-box tf-sh-39d2133335052016b7c253a86ec447ca \" >\n\t<div class=\"fw-text-inner\">\n\t\t<p>\u00bb Zwei \u00dcbernachtungen im Doppelzimmer<br \/>\u00bb Zwei Tage Halbpension (reichhaltiges Fr\u00fchst\u00fccksbuffet\u00a0und Abendmenu mit vier G\u00e4ngen)<br \/>\u00bb Ein Eintritt in die balinea-Thermen, inkl. Saunapark<br \/>\u00bb Begr\u00fc\u00dfungsaperitif<\/p>\n<p>Mit der Konus-G\u00e4stekarte kostenfreie Bahnfahrt zum\u00a0Weihnachtsbummel nach Basel oder Freiburg<\/p>\n\t<\/div>\n<\/div><div class=\"fw-divider-space  fw-custom-space  clearfix\" style=\"height:10px;\" ><\/div><div class=\"fw-text-box tf-sh-aa0b6b65ef209454205f941f098692da \" >\n\t<div class=\"fw-text-inner\">\n\t\t<p><b>\u20ac 225 <\/b>pro Person<\/p>\n\t<\/div>\n<\/div><div class=\"fw-divider-space  fw-custom-space  clearfix\" style=\"height:10px;\" ><\/div><div class=\"fw-text-box tf-sh-c006451bc8b8c5f455c815ce65164859 \" >\n\t<div class=\"fw-text-inner\">\n\t\t<p>Einzelzimmerzuschlag \u20ac 30 pro Person, inkl. MwSt., zzgl. Kurtaxe, buchbar von 01. November bis 20. Dezember.<\/p>\n\t<\/div>\n<\/div><div class=\"fw-divider-space  fw-custom-space  clearfix\" style=\"height:10px;\" ><\/div>\t\t<\/div>\n\t<\/div>\n<\/div><\/div>\n\n<div class=\"fw-row\">\n\t<div id=\"column-69f4b3cece24a\" class=\"fw-col-sm-6  fw-col-md-6 tf-sh-6990e68e32f9eb6301d4988008ca365d  fw-animated-element\" data-animation-type=\"fadeInUp\" data-animation-delay=\"300\">\n\t<div class=\"fw-wrap-col-inner clearfix  \"   >\n\t\t\t\t<div class=\"fw-col-inner\">\n\t\t\t<div class=\"fw-text-box tf-sh-cda9f362ab89b34896f1d6abb4a99a89 \" >\n\t<div class=\"fw-text-inner\">\n\t\t<p>Weihnachtsarrangement<\/p>\n\t<\/div>\n<\/div><div class=\"fw-text-box tf-sh-78c160da098aa2de2509da9709cc5a8d \" >\n\t<div class=\"fw-text-inner\">\n\t\t<p>Winterzauber im Markgr\u00e4flerland<\/p>\n\t<\/div>\n<\/div>\t<div  class=\"fw-divider tf-sh-6f47b5748b4dbdf974391d098a0b3262  fw-divider-align-left fw-line-dotted fw-divider-line   fw_theme_border_only_color_5\"  style=\"width:25%; padding-top:10px; margin-bottom:15px; \" ><\/div>\n<div class=\"fw-text-box tf-sh-e57080114c2f79b263bef36d97383a92 \" >\n\t<div class=\"fw-text-inner\">\n\t\t<p>\u00bb F\u00fcnf \u00dcbernachtungen im Doppelzimmer<br \/>\u00bb Drei Tage Halbpension (reichhaltiges Fr\u00fchst\u00fccksbuffet&nbsp;und Abendmenu mit vier G\u00e4ngen)<br \/>\u00bb Festliches Buffet am heiligen Abend<br \/>\u00bb Exklusives Menu mit vier G\u00e4ngen am ersten Weihnachtsfeiertag<br \/>\u00bb Drei Thermalb\u00e4der in den balinea-Thermen<br \/>\u00bb Begr\u00fc\u00dfungsaperitif<\/p>\n\t<\/div>\n<\/div><div class=\"fw-divider-space  fw-custom-space  clearfix\" style=\"height:10px;\" ><\/div><div class=\"fw-text-box tf-sh-18e8d440641019c44e778420a243d22b \" >\n\t<div class=\"fw-text-inner\">\n\t\t<p><b>\u20ac 699 <\/b>pro Person<\/p>\n\t<\/div>\n<\/div><div class=\"fw-divider-space  fw-custom-space  clearfix\" style=\"height:10px;\" ><\/div><div class=\"fw-text-box tf-sh-f03ad9260b361b661b728b8b1123d0de \" >\n\t<div class=\"fw-text-inner\">\n\t\t<p>Einzelzimmerzuschlag \u20ac 80 pro Person, inkl. MwSt., zzgl. Kurtaxe, Termine auf Anfrage.<\/p>\n\t<\/div>\n<\/div><div class=\"fw-divider-space  fw-custom-space  clearfix\" style=\"height:10px;\" ><\/div>\t\t<\/div>\n\t<\/div>\n<\/div><div id=\"column-69f4b3cece7e3\" class=\"fw-col-sm-6  fw-col-md-6 tf-sh-736ade513c504e3a989dd3c5f4469cb1  fw-animated-element\" data-animation-type=\"fadeInUp\" data-animation-delay=\"300\">\n\t<div class=\"fw-wrap-col-inner clearfix  \"   >\n\t\t\t\t<div class=\"fw-col-inner\">\n\t\t\t<div class=\"fw-text-box tf-sh-9e8068a571518359bb47ac8af21b7860 \" >\n\t<div class=\"fw-text-inner\">\n\t\t<p>Markgr\u00e4fler Golf-Woche<\/p>\n\t<\/div>\n<\/div><div class=\"fw-text-box tf-sh-2ed0531181c12c124bf1d9f69bec2439 \" >\n\t<div class=\"fw-text-inner\">\n\t\t<p>Genu\u00dfvoll golfen in Bad Bellingen<\/p>\n\t<\/div>\n<\/div>\t<div  class=\"fw-divider tf-sh-1d8e458215c3ee7b1c8506ad931e9920  fw-divider-align-left fw-line-dotted fw-divider-line   fw_theme_border_only_color_5\"  style=\"width:25%; padding-top:10px; margin-bottom:15px; \" ><\/div>\n<div class=\"fw-text-box tf-sh-ea2973e9841fbd6003532b2216a1f440 \" >\n\t<div class=\"fw-text-inner\">\n\t\t<p>\u00bb Sieben \u00dcbernachtungen im Doppelzimmer<br \/>\u00bb F\u00fcnf Tage Halbpension (reichhaltiges Fr\u00fchst\u00fccksbuffet\u00a0und Abendmenu mit vier G\u00e4ngen)<br \/>\u00bb Viermal Greenfee im Drei-Thermen-Golfresort (vier Pl\u00e4tze)<br \/>\u00bb \u00dcberraschungsmenu mit f\u00fcnf G\u00e4ngen<br \/>\u00bb Ein z\u00fcnftiges Markgr\u00e4fler Vesper\u00a0<br \/>\u00bb Drei Thermalb\u00e4der in den balinea-Thermen<br \/>\u00bb Ein Set Markushof-Golfb\u00e4lle<br \/>\u00bb Begr\u00fc\u00dfungsaperitif<\/p>\n\t<\/div>\n<\/div><div class=\"fw-divider-space  fw-custom-space  clearfix\" style=\"height:10px;\" ><\/div><div class=\"fw-text-box tf-sh-55202c36967193596e6373dba01bb1d3 \" >\n\t<div class=\"fw-text-inner\">\n\t\t<p><b>\u20ac 1.250 <\/b>pro Person<\/p>\n\t<\/div>\n<\/div><div class=\"fw-divider-space  fw-custom-space  clearfix\" style=\"height:10px;\" ><\/div><div class=\"fw-text-box tf-sh-93b034da8fe44e8d3eda8955c4e4a668 \" >\n\t<div class=\"fw-text-inner\">\n\t\t<p>Einzelzimmerzuschlag \u20ac 75 pro Person, inkl. MwSt., zzgl. Kurtaxe,\u00a0ganzj\u00e4hrig buchbar \u2013 Termine auf Anfrage.<\/p>\n\t<\/div>\n<\/div><div class=\"fw-divider-space  fw-custom-space  clearfix\" style=\"height:10px;\" ><\/div>\t\t<\/div>\n\t<\/div>\n<\/div><\/div>\n\n\t<\/div>\n\t<\/section><section   class=\"fw-main-row  auto  fw-section-position-back\"    >\n\t\t\t<div class=\"fw-container\" >\n\t\t<div class=\"fw-row\">\n\t<div id=\"column-69f4b3cecf0c6\" class=\"fw-col-sm-12 tf-sh-80a70bd2b08ccd6eabe171a5079b1430\" >\n\t<div class=\"fw-wrap-col-inner clearfix  \"   >\n\t\t\t\t<div class=\"fw-col-inner\">\n\t\t\t\t<div  class=\"fw-divider tf-sh-891c4402e47a7ad98e28b5963c365e72  fw-animated-element fw-divider-align-center fw-line-solid fw-divider-line  \"  data-animation-type=\"fadeInUp\" data-animation-delay=\"300\" style=\"width:75%; padding-top:0px; margin-bottom:0px; border-color:#e0e0e4;\" ><\/div>\n<div class=\"fw-divider-space  fw-custom-space  clearfix\" style=\"height:70px;\" ><\/div><div class=\"text-center\">\t<a href=\"https:\/\/hotel-markushof.de\/wp-content\/uploads\/2025\/12\/2026_MARKUSHOF_Pauschalangebote_Web.pdf\" target=\"_blank\" class=\"fw-btn tf-sh-e9c06603050a716cc5cfac9afdda4e62  fw-btn-lg   fw-animated-element fw-btn-1\"  data-animation-type=\"fadeInUp\" data-animation-delay=\"500\" style=\"\">\n\t\t<span >\n\t\t\tPAUSCHALEN-FLYER\t\t<\/span>\n\t<\/a>\n<\/div>\t\t<\/div>\n\t<\/div>\n<\/div><\/div>\n\n\t<\/div>\n\t<\/section><section   class=\"fw-main-row-custom fw-section-no-padding  auto  fw-section-position-back tf-sh-8a3d8f7ceac78efb2f09039c24393f10\"    >\n\t\t\t<div class=\"fw-container\" >\n\t\t<div class=\"fw-row\">\n\t<div id=\"column-69f4b3cecf773\" class=\"fw-col-sm-12 tf-sh-851c0e62c9bf89ccd55489ce0187c381\" >\n\t<div class=\"fw-wrap-col-inner clearfix  \"   >\n\t\t\t\t<div class=\"fw-col-inner\">\n\t\t\t<div class=\"fw-divider-space  fw-custom-space  fw-mobile-hide-element clearfix\" style=\"height:90px;\" ><\/div>\t\t<\/div>\n\t<\/div>\n<\/div><\/div>\n\n<div class=\"fw-row\">\n\t<div id=\"column-69f4b3cecf928\" class=\"fw-col-sm-9 fw-col-md-6 tf-sh-dd037fe66c3062f3505e07d6ba5ec96d  fw-animated-element\" data-animation-type=\"fadeInUp\" data-animation-delay=\"300\">\n\t<div class=\"fw-wrap-col-inner clearfix  \"   >\n\t\t\t\t<div class=\"fw-col-inner\">\n\t\t\t<div class=\"fw-heading fw-heading-left  tf-sh-899c9296bee34e58dca53b8bf34495eb\" >\n\t\t\t<h2 class=\"fw-special-title\">Kurangebote<\/h2>\n\t\n\t\n\t<\/div><div class=\"fw-divider-space  fw-custom-space  fw-mobile-hide-element clearfix\" style=\"height:40px;\" ><\/div>\t\t<\/div>\n\t<\/div>\n<\/div><div id=\"column-69f4b3cecfb29\" class=\"fw-col-sm-3 fw-col-md-6 fw-mobile-hide-element tf-sh-a773665e7b1d21f6ff7a77fe7789814e\" >\n\t<div class=\"fw-wrap-col-inner clearfix  \"   >\n\t\t\t\t<div class=\"fw-col-inner\">\n\t\t\t\t\t<\/div>\n\t<\/div>\n<\/div><\/div>\n\n<div class=\"fw-row\">\n\t<div id=\"column-69f4b3cecfcc1\" class=\"fw-col-sm-6 tf-sh-b3723eeaf4418872dea928b731a7fc08  fw-animated-element\" data-animation-type=\"fadeInUp\" data-animation-delay=\"300\">\n\t<div class=\"fw-wrap-col-inner clearfix  \"   >\n\t\t\t\t<div class=\"fw-col-inner\">\n\t\t\t<div class=\"fw-text-box tf-sh-0d6deaee85d9f1f39da1b1e80dcec37f \" >\n\t<div class=\"fw-text-inner\">\n\t\t<p>Die Bade- und Kurverwaltung Bad Bellingen\u00a0bietet Ihnen verschiedene Kurpauschalen an.\u00a0Dabei ist f\u00fcr jeden Geschmack und f\u00fcr jeden Wunsch etwas dabei:<\/p>\n\t<\/div>\n<\/div>\t\t<\/div>\n\t<\/div>\n<\/div><div id=\"column-69f4b3cecfe49\" class=\"fw-col-sm-6 tf-sh-47f26aff5ab741a43e4489951cc09fe1  fw-animated-element\" data-animation-type=\"fadeInUp\" data-animation-delay=\"500\">\n\t<div class=\"fw-wrap-col-inner clearfix  \"   >\n\t\t\t\t<div class=\"fw-col-inner\">\n\t\t\t<div class=\"fw-text-box tf-sh-eeb5dd44ce857f6d070bf3f7fe35ec46 \" >\n\t<div class=\"fw-text-inner\">\n\t\t<p class=\"main\">Gesundheitsvorsorge, Sch\u00f6nheitspflege, sportliche Bet\u00e4tigung, pers\u00f6nliches Wohlbefinden oder einfach Spa\u00df f\u00fcr die ganze Familie. Ein Angebot sch\u00f6ner und attraktiver als das andere - lassen Sie es sich gut gehen und buchen Sie eine der Pauschalen in Verbindung mit unserem Kurhotel Markushof.<\/p>\n<p class=\"main\">Ausf\u00fchrliche Informationen zu den einzelnen Pauschalen finden Sie auf der Internetseite der Bade- und Kurverwaltung Bad Bellingen.<\/p>\n\t<\/div>\n<\/div><div class=\"text-left\">\t<a href=\"https:\/\/www.bad-bellingen.de\/uebernachten\/pauschalen\" target=\"_blank\" class=\"fw-btn tf-sh-c479f5b3ff976ecfe7e82cb6eaea11eb  fw-btn-md  fw-btn-4\"  style=\"\">\n\t\t<span >\n\t\t\t<strong>KURANGEBOTE<\/strong><i class=\"pull-right-icon fa fa-angle-right\" style=\"font-size:22px;\"><\/i>\t\t<\/span>\n\t<\/a>\n<\/div>\t\t<\/div>\n\t<\/div>\n<\/div><\/div>\n\n<div class=\"fw-row\">\n\t<div id=\"column-69f4b3ced0171\" class=\"fw-col-sm-12 tf-sh-82fba13ce0badb9f1f15b0e699f2eba0\" >\n\t<div class=\"fw-wrap-col-inner clearfix  \"   >\n\t\t\t\t<div class=\"fw-col-inner\">\n\t\t\t<div class=\"fw-divider-space  fw-custom-space  fw-mobile-hide-element clearfix\" style=\"height:90px;\" ><\/div>\t\t<\/div>\n\t<\/div>\n<\/div><\/div>\n\n\t<\/div>\n\t<\/section><\/p>\n","protected":false},"excerpt":{"rendered":"<p>Angebote Preise, Pauschal- und Kurangebote Angebote Preise, Pauschal- und Kurangebote JETZT ZUM BESTPREIS BUCHEN JETZT BUCHEN Preisliste Die Zimmerpreise beinhalten unser reichhaltiges Fr\u00fchst\u00fccksb\u00fcffet und verstehen sich pro Zimmer und Nacht. Alle angegebenen Preise sind inklusive der gesetzlichen Mehrwertsteuer zuz\u00fcglich Kurtaxe. Die Kurtaxe betr\u00e4gt vom 01.03.\u201330.11. \u20ac 2,25 pro Person und Nacht, in der \u00fcbrigen Zeit [&hellip;]<\/p>\n","protected":false},"author":1,"featured_media":0,"parent":0,"menu_order":0,"comment_status":"closed","ping_status":"closed","template":"visual-builder-template.php","meta":[],"_links":{"self":[{"href":"https:\/\/hotel-markushof.de\/index.php?rest_route=\/wp\/v2\/pages\/22"}],"collection":[{"href":"https:\/\/hotel-markushof.de\/index.php?rest_route=\/wp\/v2\/pages"}],"about":[{"href":"https:\/\/hotel-markushof.de\/index.php?rest_route=\/wp\/v2\/types\/page"}],"author":[{"embeddable":true,"href":"https:\/\/hotel-markushof.de\/index.php?rest_route=\/wp\/v2\/users\/1"}],"replies":[{"embeddable":true,"href":"https:\/\/hotel-markushof.de\/index.php?rest_route=%2Fwp%2Fv2%2Fcomments&post=22"}],"version-history":[{"count":160,"href":"https:\/\/hotel-markushof.de\/index.php?rest_route=\/wp\/v2\/pages\/22\/revisions"}],"predecessor-version":[{"id":2423,"href":"https:\/\/hotel-markushof.de\/index.php?rest_route=\/wp\/v2\/pages\/22\/revisions\/2423"}],"wp:attachment":[{"href":"https:\/\/hotel-markushof.de\/index.php?rest_route=%2Fwp%2Fv2%2Fmedia&parent=22"}],"curies":[{"name":"wp","href":"https:\/\/api.w.org\/{rel}","templated":true}]}}